{"id":1129,"date":"2024-02-11T20:28:28","date_gmt":"2024-02-11T19:28:28","guid":{"rendered":"https:\/\/eventak.se\/husebyjulmassa\/?page_id=1129"},"modified":"2026-02-28T18:41:00","modified_gmt":"2026-02-28T17:41:00","slug":"behandling-av-personuppgifter","status":"publish","type":"page","link":"https:\/\/www.eventak.se\/husebyjulmassa\/behandling-av-personuppgifter\/","title":{"rendered":"Behandling av personuppgifter"},"content":{"rendered":"<p>[et_pb_section fb_built=&#8221;1&#8243; _builder_version=&#8221;4.24.0&#8243; _module_preset=&#8221;default&#8221; global_colors_info=&#8221;{}&#8221;][et_pb_row _builder_version=&#8221;4.24.0&#8243; _module_preset=&#8221;default&#8221; global_colors_info=&#8221;{}&#8221;][et_pb_column type=&#8221;4_4&#8243; _builder_version=&#8221;4.24.0&#8243; _module_preset=&#8221;default&#8221; global_colors_info=&#8221;{}&#8221;][et_pb_text _builder_version=&#8221;4.27.4&#8243; _module_preset=&#8221;default&#8221; global_colors_info=&#8221;{}&#8221;]<\/p>\n<p><strong style=\"color: #333333; font-size: 30px;\">Integritetspolicy f\u00f6r S\u00f6der\u00e5sen Projekt &amp; Eventbyr\u00e5 AB (eventak.se)<\/strong><\/p>\n<p><strong><\/strong><\/p>\n<p>Senast uppdaterad: 2025-06-12<\/p>\n<p>S\u00f6der\u00e5sen Projekt &amp; Eventbyr\u00e5 AB skyddar din personliga integritet och str\u00e4var efter att alltid skydda dina personuppgifter och f\u00f6lja till\u00e4mpliga dataskyddsregler.<\/p>\n<p data-start=\"425\" data-end=\"657\">S\u00f6der\u00e5sen Projekt &amp; Eventbyr\u00e5 AB (559328-4226) driver plattformen eventak.se, som anv\u00e4nds f\u00f6r att samla in anm\u00e4lningar och uppgifter \u00e5t Huseby Bruk AB och deras evenemang, Huseby Julm\u00e4ssa och Allas Skog.<\/p>\n<p data-start=\"659\" data-end=\"927\">N\u00e4r du anm\u00e4ler dig till ett evenemang via eventak.se \u00e4r det Huseby Bruk AB som \u00e4r din avtalspart och personuppgiftsansvarig. Det inneb\u00e4r att det \u00e4r Huseby Bruk AB du ing\u00e5r avtal med, och de ansvarar f\u00f6r hur dina personuppgifter anv\u00e4nds i samband med evenemanget.<\/p>\n<p data-start=\"929\" data-end=\"1204\">S\u00f6der\u00e5sen Projekt &amp; Eventbyr\u00e5 AB fungerar endast som administrativ mellanhand och behandlar dina personuppgifter p\u00e5 uppdrag av Huseby Bruk AB, genom v\u00e5rt system, i syfte att hantera anm\u00e4lningar, kommunicera med dig och underl\u00e4tta fakturering och deltagaradministration.<\/p>\n<p>&nbsp;<\/p>\n<h3><strong>Information om S\u00f6der\u00e5sen Projekt &amp; Eventbyr\u00e5 ABs behandling av personuppgifter<\/strong><\/h3>\n<p><strong><\/strong><\/p>\n<p><strong>Personuppgifter som du har l\u00e4mnat till oss<\/strong><\/p>\n<p>N\u00e4r du l\u00e4mnar ditt samtycke till S\u00f6der\u00e5sen Projekt &amp; Eventbyr\u00e5 AB l\u00e4mnar du viss information om dig till oss. Du kan ocks\u00e5 l\u00e4mna information till oss av andra sk\u00e4l.<\/p>\n<p><strong>Personuppgifter som vi har samlat in fr\u00e5n dig<\/strong><\/p>\n<p>N\u00e4r du registrerar dig p\u00e5 plattformen eller p\u00e5 annat s\u00e4tt interagerar med oss, samlar vi in dina personuppgifter. S\u00f6der\u00e5sen Projekt &amp; Eventbyr\u00e5 AB behandlar information som du har gett S\u00f6der\u00e5sen Projekt &amp; Eventbyr\u00e5 AB i samtycke.<\/p>\n<p><strong>Vilka personuppgifter samlar vi in?<\/strong><\/p>\n<ul>\n<li>Namn<\/li>\n<li>Kontaktinformation s\u00e5som e-postadress och telefonnummer<\/li>\n<li>Faktureringsadress<\/li>\n<li>IP-adresser<\/li>\n<li>\u00d6vrig information du sj\u00e4lv l\u00e4mnar i samband med anm\u00e4lan<\/li>\n<\/ul>\n<ul><\/ul>\n<p><strong>Syfte och r\u00e4ttslig grund f\u00f6r behandling av dina personuppgifter<\/strong><\/p>\n<p>S\u00f6der\u00e5sen Projekt &amp; Eventbyr\u00e5 AB behandlar dina personuppgifter n\u00e4r det \u00e4r n\u00f6dv\u00e4ndigt f\u00f6r utf\u00f6randet av ett avtal med dig, n\u00e4r vi har en legitim intressegrund f\u00f6r behandlingen, eller f\u00f6r att det kr\u00e4vs, till exempel enligt lag eller f\u00f6rordning. I vissa fall kan vi ocks\u00e5 behandla dina uppgifter efter att ha inh\u00e4mtat ditt samtycke. Att ge samtycke till behandling av personuppgifter \u00e4r helt frivilligt och du kan n\u00e4r som helst \u00e5terkalla ditt samtycke.<\/p>\n<p><strong>F\u00f6r f\u00f6ljande \u00e4ndam\u00e5l kommer vi att behandla dina personuppgifter om du samtycker till det<\/strong><\/p>\n<ul>\n<li data-start=\"1539\" data-end=\"1580\">\n<p data-start=\"1541\" data-end=\"1580\">F\u00f6r att hantera och organisera din medverkan p\u00e5 Huseby Julm\u00e4ssa<\/p>\n<\/li>\n<li data-start=\"1539\" data-end=\"1580\">F\u00f6r att hantera och organisera din medverkan p\u00e5 Allas Skog<\/li>\n<li data-start=\"1539\" data-end=\"1580\">\n<p data-start=\"1541\" data-end=\"1580\">Publicera deltagarnamn i deltagarlistor<\/p>\n<\/li>\n<li data-start=\"1581\" data-end=\"1600\">\n<p data-start=\"1583\" data-end=\"1600\">Skicka nyhetsbrev<\/p>\n<\/li>\n<li data-start=\"1601\" data-end=\"1699\">\n<p data-start=\"1603\" data-end=\"1699\">Dela bilder fr\u00e5n event d\u00e4r du medverkat (efter godk\u00e4nnande)<\/p>\n<\/li>\n<\/ul>\n<p><strong>Hur anv\u00e4nder vi dina personuppgifter?<\/strong><\/p>\n<p>Vi anv\u00e4nder personuppgifterna f\u00f6r att:<\/p>\n<ul>\n<li>Tillhandah\u00e5lla v\u00e5ra tj\u00e4nster och produkter<\/li>\n<li>Skicka marknadsf\u00f6ring, nyheter och erbjudanden<\/li>\n<li>Uppfylla lagkrav och r\u00e4ttsliga f\u00f6rpliktelser<\/li>\n<\/ul>\n<p><strong>F\u00f6r f\u00f6ljande \u00e4ndam\u00e5l behandlar vi dina personuppgifter f\u00f6r att uppfylla en laglig skyldighet:<\/strong><\/p>\n<p>F\u00f6r att uppfylla krav, till exempel enligt Bokf\u00f6ringslagen. F\u00f6r att uppfylla v\u00e5rt avtal eller uppfylla v\u00e5ra \u00e5taganden i f\u00f6rh\u00e5llande till dig eller din arbetsgivare.<\/p>\n<p><strong>Vem kan f\u00e5 tillg\u00e5ng till dina personuppgifter?<\/strong><\/p>\n<p>Dina personuppgifter kan delas med akt\u00f6rer och tj\u00e4nsteleverant\u00f6rer som behandlar personuppgifter p\u00e5 v\u00e5rt uppdrag. Vi kommer att l\u00e4mna ut dina personuppgifter till partner som hanterar och assisterar S\u00f6der\u00e5sen Projekt &amp; Eventbyr\u00e5 AB. Offentliga myndigheter om det kr\u00e4vs enligt lag.<\/p>\n<p><strong>\u00d6verf\u00f6ring av personuppgifter till tredje l\u00e4nder<\/strong><\/p>\n<p>Vi och v\u00e5ra leverant\u00f6rer hanterar i allm\u00e4nhet dina personuppgifter inom EU\/EEA. I fall d\u00e4r personuppgifter behandlas utanf\u00f6r EU\/EEA, antingen anges ett beslut av kommissionen att det tredje landet i fr\u00e5ga s\u00e4kerst\u00e4ller en adekvat skyddsniv\u00e5 eller l\u00e4mpliga skydds\u00e5tg\u00e4rder f\u00f6r att s\u00e4kerst\u00e4lla att dina r\u00e4ttigheter skyddas. Vi \u00f6verf\u00f6r personuppgifter till USA, st\u00f6dda av EU-kommissionens klausuler om godk\u00e4nd \u00f6verf\u00f6ring till tredje l\u00e4nder. Om du vill ha en kopia av de s\u00e4kerhets\u00e5tg\u00e4rder som S\u00f6der\u00e5sen Projekt &amp; Eventbyr\u00e5 AB vidtagit eller information om var dessa finns tillg\u00e4ngliga, kan du f\u00e5 detta genom att kontakta oss, se kontaktuppgifter.<\/p>\n<p><strong>Hur skyddar vi dina personuppgifter?<\/strong><\/p>\n<p>Vi vidtar tekniska och organisatoriska \u00e5tg\u00e4rder f\u00f6r att skydda dina data fr\u00e5n obeh\u00f6rig \u00e5tkomst, f\u00f6r\u00e4ndring och radering.<\/p>\n<p><strong>Hur l\u00e4nge sparar vi dina personuppgifter?<\/strong><\/p>\n<p>Vi kommer aldrig att behandla dina personuppgifter under en l\u00e4ngre period \u00e4n vad som \u00e4r till\u00e5tet enligt till\u00e4mplig lag, f\u00f6rordning, praxis eller regeringsbeslut. Till exempel kan uppgifter sparas l\u00e4ngre om det kr\u00e4vs enligt Bokf\u00f6ringslagen. Personuppgifterna lagras och behandlas i S\u00f6der\u00e5sen Projekt &amp; Eventbyr\u00e5 AB IT-system. Personuppgifter bevaras av bolaget i enlighet med g\u00e4llande lagstiftning s\u00e5 l\u00e4nge det \u00e4r n\u00f6dv\u00e4ndigt f\u00f6r att kunna leverera tj\u00e4nster eller uppfylla lagkrav.<\/p>\n<p>Du kan n\u00e4r som helst kontakta oss f\u00f6r att dra tillbaka ditt samtycke och beg\u00e4ra att vi tar bort dina personuppgifter.<\/p>\n<p><strong>Dina r\u00e4ttigheter<\/strong><\/p>\n<p>I enlighet med g\u00e4llande dataskyddslagar har du r\u00e4tt att f\u00e5 tillg\u00e5ng till information om de personuppgifter som S\u00f6der\u00e5sen Projekt &amp; Eventbyr\u00e5 AB hanterar om dig och r\u00e4tt att beg\u00e4ra r\u00e4ttelse av dina personuppgifter.<\/p>\n<p>Under vissa f\u00f6rh\u00e5llanden, till exempel om du \u00e5terkallar ditt samtycke, inv\u00e4nder mot v\u00e5r process eller anser att dina personuppgifter inte \u00e4r n\u00f6dv\u00e4ndiga f\u00f6r de angivna \u00e4ndam\u00e5len, har du r\u00e4tt att beg\u00e4ra radering eller begr\u00e4nsning av dina personuppgifter. Under vissa omst\u00e4ndigheter har du r\u00e4tt att f\u00e5 ut de personuppgifter vi behandlar om dig i ett strukturerat och maskinl\u00e4sbart format (dataportabilitet). S\u00f6der\u00e5sen Projekt &amp; Eventbyr\u00e5 AB kommer att tillhandah\u00e5lla detta i skriftligt format.<\/p>\n<p>Du har r\u00e4tt att n\u00e4r som helst \u00e5terkalla allt eller en del av ett givet samtycke f\u00f6r behandling av personuppgifter med verkan fr\u00e5n datumet f\u00f6r \u00e5terkallandet.<\/p>\n<p>All kommunikation och alla \u00e5tg\u00e4rder som S\u00f6der\u00e5sen Projekt &amp; Eventbyr\u00e5 AB vidtar i samband med dina r\u00e4ttigheter tillhandah\u00e5lls kostnadsfritt. S\u00f6der\u00e5sen Projekt &amp; Eventbyr\u00e5 AB f\u00f6rbeh\u00e5ller sig r\u00e4tten, i fall av uppenbart ogrundade eller orimliga beg\u00e4randen, att antingen ta ut en sk\u00e4lig avgift som t\u00e4cker de administrativa kostnaderna f\u00f6r att tillhandah\u00e5lla informationen eller vidta den beg\u00e4rda \u00e5tg\u00e4rden eller att v\u00e4gra svara p\u00e5 beg\u00e4ran.<\/p>\n<p>Om du har n\u00e5gra klagom\u00e5l g\u00e4llande v\u00e5r behandling av dina personuppgifter har du r\u00e4tt att inge ett klagom\u00e5l till Datainspektionen eller annan beh\u00f6rig tillsynsmyndighet som \u00f6vervakar f\u00f6retagets hantering av personuppgifter.<\/p>\n<p>Som anv\u00e4ndare har du r\u00e4tt att:<\/p>\n<ul>\n<li>Beg\u00e4ra tillg\u00e5ng till de personuppgifter vi har om dig<\/li>\n<li>Beg\u00e4ra r\u00e4ttelse av felaktiga uppgifter<\/li>\n<li>Beg\u00e4ra radering av uppgifter<\/li>\n<li>Inv\u00e4nda mot viss typ av behandling<\/li>\n<li>Beg\u00e4ra begr\u00e4nsning av behandling<\/li>\n<li>Beg\u00e4ra dataportabilitet<\/li>\n<\/ul>\n<p>F\u00f6r mer information om v\u00e5r behandling av personuppgifter eller om du har fr\u00e5gor, \u00e4r du v\u00e4lkommen att kontakta oss.<\/p>\n<p><strong>Kontakt<\/strong><span>\u00a0<\/span>Om du har fr\u00e5gor om ovanst\u00e5ende villkor eller dina personuppgifter, kan du kontakta S\u00f6der\u00e5sen Projekt &amp; Eventbyr\u00e5 AB\u00a0 p\u00e5<span> info@soderasenpe.se<\/span><a href=\"mailto:info@upplevsoderasen.se\"><\/a><span>\u00a0<\/span>eller skicka ett brev till \u201cPersonuppgiftsansvarig, S\u00f6der\u00e5sen Projekt &amp; Eventbyr\u00e5 AB, V\u00e4stra Maglabyv\u00e4g 318, 265 72 Kvidinge\u201d.<\/p>\n<p>Om du har n\u00e5gra klagom\u00e5l kan du kontakta Integritetsskyddsmyndigheten (IMY): <a data-start=\"2490\" data-end=\"2522\" class=\"\" rel=\"noopener\" target=\"_new\" href=\"https:\/\/www.imy.se\">www.imy.se<\/a><\/p>\n<p><strong>\u00c4ndringar till denna policy<\/strong><span>\u00a0<\/span>Vi kan komma att uppdatera denna policy och den senaste versionen finns alltid tillg\u00e4nglig p\u00e5 v\u00e5r webbplats.<\/p>\n<h1><strong><\/strong><\/h1>\n<h1><strong><\/strong><\/h1>\n<h1><strong><\/strong><\/h1>\n<h1><strong><\/strong><\/h1>\n<p><strong><\/strong><\/p>\n<p>&nbsp;<\/p>\n<p>&nbsp;<\/p>\n<h3><\/h3>\n<ul><\/ul>\n<p>&nbsp;<\/p>\n<p>[\/et_pb_text][\/et_pb_column][\/et_pb_row][\/et_pb_section]<\/p>\n","protected":false},"excerpt":{"rendered":"<p>Integritetspolicy f\u00f6r S\u00f6der\u00e5sen Projekt &amp; Eventbyr\u00e5 AB (eventak.se) Senast uppdaterad: 2025-06-12 S\u00f6der\u00e5sen Projekt &amp; Eventbyr\u00e5 AB skyddar din personliga integritet och str\u00e4var efter att alltid skydda dina personuppgifter och f\u00f6lja till\u00e4mpliga dataskyddsregler. S\u00f6der\u00e5sen Projekt &amp; Eventbyr\u00e5 AB (559328-4226) driver plattformen eventak.se, som anv\u00e4nds f\u00f6r att samla in anm\u00e4lningar och uppgifter \u00e5t Huseby Bruk AB och [&hellip;]<\/p>\n","protected":false},"author":1,"featured_media":0,"parent":0,"menu_order":0,"comment_status":"closed","ping_status":"closed","template":"","meta":{"_acf_changed":false,"_et_pb_use_builder":"on","_et_pb_old_content":"","_et_gb_content_width":"","footnotes":""},"class_list":["post-1129","page","type-page","status-publish","hentry"],"acf":[],"_links":{"self":[{"href":"https:\/\/www.eventak.se\/husebyjulmassa\/wp-json\/wp\/v2\/pages\/1129","targetHints":{"allow":["GET"]}}],"collection":[{"href":"https:\/\/www.eventak.se\/husebyjulmassa\/wp-json\/wp\/v2\/pages"}],"about":[{"href":"https:\/\/www.eventak.se\/husebyjulmassa\/wp-json\/wp\/v2\/types\/page"}],"author":[{"embeddable":true,"href":"https:\/\/www.eventak.se\/husebyjulmassa\/wp-json\/wp\/v2\/users\/1"}],"replies":[{"embeddable":true,"href":"https:\/\/www.eventak.se\/husebyjulmassa\/wp-json\/wp\/v2\/comments?post=1129"}],"version-history":[{"count":7,"href":"https:\/\/www.eventak.se\/husebyjulmassa\/wp-json\/wp\/v2\/pages\/1129\/revisions"}],"predecessor-version":[{"id":5609,"href":"https:\/\/www.eventak.se\/husebyjulmassa\/wp-json\/wp\/v2\/pages\/1129\/revisions\/5609"}],"wp:attachment":[{"href":"https:\/\/www.eventak.se\/husebyjulmassa\/wp-json\/wp\/v2\/media?parent=1129"}],"curies":[{"name":"wp","href":"https:\/\/api.w.org\/{rel}","templated":true}]}}